{"id":451,"date":"2020-01-22T00:32:35","date_gmt":"2020-01-21T23:32:35","guid":{"rendered":"http:\/\/lebercail.co\/?page_id=451"},"modified":"2020-01-22T01:02:50","modified_gmt":"2020-01-22T00:02:50","slug":"mentions-legales","status":"publish","type":"page","link":"https:\/\/lebercail.co\/index.php\/mentions-legales\/","title":{"rendered":"Mentions l\u00e9gales"},"content":{"rendered":"\n<blockquote class=\"wp-block-quote is-layout-flow wp-block-quote-is-layout-flow\"><p>Objet du site<\/p><\/blockquote>\n\n\n\n<p>Ce site lebercail.co a pour vocation la promotion de la MAISON DES SERVICES DU R\u00c9QUISTANAIS LE BERCAIL, la pr\u00e9sentation et la mise en avant de ses  services aupr\u00e8s des habitants du territoire.<\/p>\n\n\n\n<p>MAISON DES SERVICES DU R\u00c9QUISTANAIS LE BERCAIL &#8211; 7 avenue Vall\u00e9e du Tarn &#8211; 12170 REQUISTA<\/p>\n\n\n\n<blockquote class=\"wp-block-quote is-layout-flow wp-block-quote-is-layout-flow\"><p>Conception et r\u00e9alisation<\/p><\/blockquote>\n\n\n\n<p>La conception, la r\u00e9alisation et le d\u00e9veloppement du site sont assur\u00e9s par la Communaut\u00e9 de Communes du R\u00e9quistanais. La mise \u00e0 jour des textes et contenus est r\u00e9alis\u00e9e sous le contr\u00f4le de la collectivit\u00e9 pr\u00e9c\u00e9demment cit\u00e9e. <\/p>\n\n\n\n<p>Gestion : COMMUNAUTE DE COMMUNES DU REQUISTANAIS &#8211; 2 Place Prosper Boissonnade &#8211; 12170 REQUISTA &#8211; SIREN : 241\u00a0200\u00a0542 cr\u00e9\u00e9e le 01.05.1985.<\/p>\n\n\n\n<p>Directeur de la publication : Le Pr\u00e9sident de la Communaut\u00e9 de Communes du R\u00e9quistanais Michel CAUSSE &#8211; Responsable du contenu : La\u00ebtitia TAULIER<\/p>\n\n\n\n<blockquote class=\"wp-block-quote is-layout-flow wp-block-quote-is-layout-flow\"><p>H\u00e9bergement<\/p><\/blockquote>\n\n\n\n<p>La gestion de l&rsquo;h\u00e9bergement est assur\u00e9e par la soci\u00e9t\u00e9 OVH. Si\u00e8ge\nSocial : 2 rue Kellerman &#8211; 59100 Roubaix. www.ovh.com<\/p>\n\n\n\n<blockquote class=\"wp-block-quote is-layout-flow wp-block-quote-is-layout-flow\"><p>Propri\u00e9t\u00e9<\/p><\/blockquote>\n\n\n\n<p>Ce site est prot\u00e9g\u00e9 par les lois de la propri\u00e9t\u00e9\nintellectuelle et appartient \u00e0 la Communaut\u00e9 de Communes du R\u00e9quistanais. La collectivit\u00e9,\npr\u00e9c\u00e9demment cit\u00e9e est propri\u00e9taire des bases de donn\u00e9es composant ce site.<\/p>\n\n\n\n<p>Les marques et logos du pr\u00e9sent site et de la MAISON DES\nSERVICES DU R\u00c9QUISTANAIS LE BERCAIL sont la propri\u00e9t\u00e9 de leurs auteurs: toute\nreproduction ou utilisation est interdite.<\/p>\n\n\n\n<p>Le contenu est constitu\u00e9 de textes, d&rsquo;illustrations, de documents en t\u00e9l\u00e9chargement, regroup\u00e9s par th\u00e9matiques formant ainsi le site internet <a href=\"http:\/\/lebercail.co\">lebercail.co<\/a>. La reproduction partielle ou totale de ces contenus, dans la perspective d&rsquo;une quelconque publication, et notamment \u00e0 des fins commerciales, est strictement interdite, sans l&rsquo;accord \u00e9crit de la Communaut\u00e9 de Communes du R\u00e9quistanais. <\/p>\n\n\n\n<blockquote class=\"wp-block-quote is-layout-flow wp-block-quote-is-layout-flow\"><p>Politique de liens<\/p><\/blockquote>\n\n\n\n<p>Le site\u00a0<a href=\"http:\/\/lebercail.co\">lebercail.co <\/a>autorise tout site internet ou tout autre support \u00e0 le citer ou \u00e0 mettre en place un lien hypertexte pointant vers son contenu. L&rsquo;autorisation de mise en place d&rsquo;un lien est valable pour tout support, \u00e0 l&rsquo;exception de ceux diffusant des informations \u00e0 caract\u00e8re pol\u00e9mique, pornographique, x\u00e9nophobe, ou pouvant, dans une plus large mesure, porter atteinte \u00e0 la sensibilit\u00e9 du plus grand nombre. <\/p>\n\n\n\n<blockquote class=\"wp-block-quote is-layout-flow wp-block-quote-is-layout-flow\"><p>Donn\u00e9es personnelles<\/p><\/blockquote>\n\n\n\n<p>Sur certaines pages du site, il est possible que nous sollicitions ponctuellement une saisie d&rsquo;informations personnelles.<br>L&rsquo;ensemble de ces donn\u00e9es sont n\u00e9cessaires au traitement de la demande et par cons\u00e9quent obligatoires.<br>En tout \u00e9tat de cause, les donn\u00e9es collect\u00e9es \u00e0 partir de ces formulaires sont uniquement destin\u00e9es aux collaborateurs de la Communaut\u00e9 de Communes du R\u00e9quistanais ou ses partenaires, gestionnaires de services. <\/p>\n\n\n\n<blockquote class=\"wp-block-quote is-layout-flow wp-block-quote-is-layout-flow\"><p>Mise en application des pr\u00e9sentes mentions l\u00e9gales<\/p><\/blockquote>\n\n\n\n<p>Les pr\u00e9sentes mentions sont mise \u00e0 jour le 22 janvier 2020\net n&rsquo;ont pas de limite dans le temps. La collectivit\u00e9 se r\u00e9serve le droit de\nr\u00e9-\u00e9diter ces mentions, \u00e0 tout moment et sans pr\u00e9avis. Les utilisateurs du\npr\u00e9sent site sont donc invit\u00e9s \u00e0 consulter r\u00e9guli\u00e8rement ces informations.<\/p>\n","protected":false},"excerpt":{"rendered":"<p>Objet du site Ce site lebercail.co a pour vocation la promotion de la MAISON DES SERVICES DU R\u00c9QUISTANAIS LE BERCAIL, la pr\u00e9sentation et la mise en avant de ses services aupr\u00e8s des habitants du territoire. MAISON DES SERVICES DU R\u00c9QUISTANAIS LE BERCAIL &#8211; 7 avenue Vall\u00e9e du Tarn &#8211; 12170 REQUISTA Conception et r\u00e9alisation La [&hellip;]<\/p>\n","protected":false},"author":1,"featured_media":0,"parent":0,"menu_order":0,"comment_status":"closed","ping_status":"closed","template":"","meta":{"_monsterinsights_skip_tracking":false,"_monsterinsights_sitenote_active":false,"_monsterinsights_sitenote_note":"","_monsterinsights_sitenote_category":0,"footnotes":""},"class_list":["post-451","page","type-page","status-publish","hentry"],"_links":{"self":[{"href":"https:\/\/lebercail.co\/index.php\/wp-json\/wp\/v2\/pages\/451","targetHints":{"allow":["GET"]}}],"collection":[{"href":"https:\/\/lebercail.co\/index.php\/wp-json\/wp\/v2\/pages"}],"about":[{"href":"https:\/\/lebercail.co\/index.php\/wp-json\/wp\/v2\/types\/page"}],"author":[{"embeddable":true,"href":"https:\/\/lebercail.co\/index.php\/wp-json\/wp\/v2\/users\/1"}],"replies":[{"embeddable":true,"href":"https:\/\/lebercail.co\/index.php\/wp-json\/wp\/v2\/comments?post=451"}],"version-history":[{"count":9,"href":"https:\/\/lebercail.co\/index.php\/wp-json\/wp\/v2\/pages\/451\/revisions"}],"predecessor-version":[{"id":461,"href":"https:\/\/lebercail.co\/index.php\/wp-json\/wp\/v2\/pages\/451\/revisions\/461"}],"wp:attachment":[{"href":"https:\/\/lebercail.co\/index.php\/wp-json\/wp\/v2\/media?parent=451"}],"curies":[{"name":"wp","href":"https:\/\/api.w.org\/{rel}","templated":true}]}}