{"id":604,"date":"2020-03-26T19:08:53","date_gmt":"2020-03-26T18:08:53","guid":{"rendered":"http:\/\/lebercail.co\/?page_id=604"},"modified":"2020-12-24T12:50:53","modified_gmt":"2020-12-24T11:50:53","slug":"covid-19","status":"publish","type":"page","link":"https:\/\/lebercail.co\/index.php\/covid-19\/","title":{"rendered":"Covid-19"},"content":{"rendered":"\n<p>Voici un r\u00e9capitulatif des diff\u00e9rents sites concernant les mesures prises suite \u00e0 la propagation du Coronavirus Covid-19 sur le territoire fran\u00e7ais. Nous nous efforcerons de les maintenir \u00e0 jour dans la mesure du possible. N&rsquo;h\u00e9sitez pas \u00e0 nous faire part d&rsquo;ajouts ou nous faire remonter les infos caduques \u00e0 mettre \u00e0 jour via notre page <a rel=\"noreferrer noopener\" aria-label=\"contact (s\u2019ouvre dans un nouvel onglet)\" href=\"http:\/\/lebercail.co\/index.php\/contact\/\" target=\"_blank\">contact<\/a>. Merci d&rsquo;avance.<\/p>\n\n\n<h2><strong>Fonds d&rsquo;aide de la Com Com du R\u00e9quistanais<\/strong><\/h2>\n\n\n<p>La mise en place d&rsquo;un <strong>Fonds Territorial du R\u00e9quistanais (FTR)<\/strong> en soutien \u00e0 l&rsquo;\u00e9conomie locale : pour t\u00e9l\u00e9charger le formulaire d&rsquo;<strong>aides aux entreprises<\/strong> de la Communaut\u00e9 de Communes du R\u00e9quistanais, cliquez <a href=\"http:\/\/requistanais.com\/Explication%20et%20Formulaire%20de%20demande%20Aide%20COVID%2019%20R%C3%A9quistanais.pdf\/\" rel=\"noreferrer noopener\" target=\"_blank\">ici<\/a>.<\/p>\n\n\n\n<p><strong>Les dossiers compl\u00e9t\u00e9s sont \u00e0 renvoyer ou\u00a0\u00e0 d\u00e9poser \u00e0 la Communaut\u00e9 de Communes du R\u00e9quistanais avant le 15 janvier 2021.<\/strong><\/p>\n\n\n\n<p>Pour une aide aux loyers, cr\u00e9er un compte sur le site de la <a aria-label=\"undefined (s\u2019ouvre dans un nouvel onglet)\" class=\"yoast-seo-link\" rel=\"noreferrer noopener\" href=\"https:\/\/mesaidesenligne.laregion.fr\/account-management\/croccitanie-demandeurs\/ux\/#\/login?redirectTo=https:%2F%2Fmesaidesenligne.laregion.fr%2Faides%2F%23%2Fcroccitanie%2Fconnecte%2FF_DTT_L_OCCAL_3%2Fdepot%2Fsimple&amp;jwtKey=jwt-croccitanie-portail-depot-demande-aides&amp;footer=https:%2F%2Fmesaidesenligne.laregion.fr%2Faides%2F%23%2Fcroccitanie%2Fmentions-legales,Mentions%20l%C3%A9gales,_self\" target=\"_blank\">R\u00e9gion Occitanie<\/a>, et demandez l&rsquo;aide <strong>L&rsquo;OCCAL Loyers<\/strong>, la R\u00e9gion et la Communaut\u00e9 de Communes du R\u00e9quistanais ont conventionn\u00e9 pour aider les commerces de proximit\u00e9s qui ne sont pas propri\u00e9taires de leurs locaux. Les crit\u00e8res d&rsquo;\u00e9ligibilit\u00e9s sont <a aria-label=\"undefined (s\u2019ouvre dans un nouvel onglet)\" class=\"yoast-seo-link\" href=\"http:\/\/requistanais.com\/Fiche-crit%C3%A8res%20LOCCAL-Loyers%20Mise%20%C3%A0%20Jour.pdf\/\" target=\"_blank\" rel=\"noreferrer noopener\">ici<\/a><\/p>\n\n\n\n<figure class=\"wp-block-image size-large\"><a href=\"https:\/\/www.facebook.com\/lebercailenrequistanais\/\" target=\"_blank\" rel=\"noreferrer noopener\"><img decoding=\"async\" width=\"1024\" height=\"72\" src=\"http:\/\/lebercail.co\/wp-content\/uploads\/2020\/03\/facebbercail-1024x72.png\" alt=\"\" class=\"wp-image-616\" srcset=\"https:\/\/lebercail.co\/wp-content\/uploads\/2020\/03\/facebbercail-1024x72.png 1024w, https:\/\/lebercail.co\/wp-content\/uploads\/2020\/03\/facebbercail-300x21.png 300w, https:\/\/lebercail.co\/wp-content\/uploads\/2020\/03\/facebbercail-768x54.png 768w, https:\/\/lebercail.co\/wp-content\/uploads\/2020\/03\/facebbercail.png 1131w\" sizes=\"(max-width: 1024px) 100vw, 1024px\" \/><\/a><\/figure>\n\n\n\n<p>Retrouvez-les infos \u00e9galement sur notre page Facebook :  <a href=\"https:\/\/www.facebook.com\/lebercailenrequistanais\/\">https:\/\/www.facebook.com\/lebercailenrequistanais\/<\/a> <\/p>\n\n\n\n<figure class=\"wp-block-image size-large\"><a href=\"https:\/\/www.facebook.com\/groups\/599724157289729\/\" target=\"_blank\" rel=\"noreferrer noopener\"><img decoding=\"async\" width=\"1024\" height=\"72\" src=\"http:\/\/lebercail.co\/wp-content\/uploads\/2020\/03\/gpeRS-1024x72.png\" alt=\"\" class=\"wp-image-617\" srcset=\"https:\/\/lebercail.co\/wp-content\/uploads\/2020\/03\/gpeRS-1024x72.png 1024w, https:\/\/lebercail.co\/wp-content\/uploads\/2020\/03\/gpeRS-300x21.png 300w, https:\/\/lebercail.co\/wp-content\/uploads\/2020\/03\/gpeRS-768x54.png 768w, https:\/\/lebercail.co\/wp-content\/uploads\/2020\/03\/gpeRS.png 1131w\" sizes=\"(max-width: 1024px) 100vw, 1024px\" \/><\/a><\/figure>\n\n\n\n<p>Rejoignez ce groupe sur Facebook d&rsquo;entraide pour partager vos infos en tous genres, id\u00e9es d&rsquo;activit\u00e9s \u00e0 faire chez soi, bons plans, commerces ouverts, besoin d&rsquo;aide,&#8230; <a href=\"https:\/\/www.facebook.com\/groups\/599724157289729\/\">https:\/\/www.facebook.com\/groups\/<\/a><a href=\"https:\/\/www.facebook.com\/groups\/599724157289729\/\" target=\"_blank\" rel=\"noreferrer noopener\" aria-label=\"599724157289729 (s\u2019ouvre dans un nouvel onglet)\">599724157289729<\/a><a href=\"https:\/\/www.facebook.com\/groups\/599724157289729\/\">\/<\/a><\/p>\n\n\n\n<figure class=\"wp-block-image size-large\"><img decoding=\"async\" width=\"1024\" height=\"72\" src=\"http:\/\/lebercail.co\/wp-content\/uploads\/2020\/03\/infosg-1024x72.png\" alt=\"\" class=\"wp-image-618\" srcset=\"https:\/\/lebercail.co\/wp-content\/uploads\/2020\/03\/infosg-1024x72.png 1024w, https:\/\/lebercail.co\/wp-content\/uploads\/2020\/03\/infosg-300x21.png 300w, https:\/\/lebercail.co\/wp-content\/uploads\/2020\/03\/infosg-768x54.png 768w, https:\/\/lebercail.co\/wp-content\/uploads\/2020\/03\/infosg.png 1131w\" sizes=\"(max-width: 1024px) 100vw, 1024px\" \/><\/figure>\n\n\n\n<p>Tout savoir sur le Coronavirus Covid-19 sur le site du <a href=\"https:\/\/www.gouvernement.fr\/info-coronavirus\" target=\"_blank\" rel=\"noreferrer noopener\" aria-label=\"gouvernement  (s\u2019ouvre dans un nouvel onglet)\">gouvernement <\/a> avec les attestations du couvre-feu \u00e0 t\u00e9l\u00e9charger <a aria-label=\"undefined (s\u2019ouvre dans un nouvel onglet)\" rel=\"noreferrer noopener\" href=\"https:\/\/www.gouvernement.fr\/info-coronavirus\/ressources-a-partager\" target=\"_blank\" class=\"yoast-seo-link\">ici<\/a> et l&rsquo;application TOUS ANTI COVID \u00e0 t\u00e9l\u00e9charger <a href=\"https:\/\/www.gouvernement.fr\/info-coronavirus\/tousanticovid\" target=\"_blank\" aria-label=\"undefined (s\u2019ouvre dans un nouvel onglet)\" rel=\"noreferrer noopener\" class=\"yoast-seo-link\">ici<\/a><\/p>\n\n\n\n<p>Info Sanitaire Occitanie : <a rel=\"noreferrer noopener\" aria-label=\" (s\u2019ouvre dans un nouvel onglet)\" href=\"https:\/\/www.occitanie.ars.sante.fr\/coronavirus-dernier-point-de-situation-en-occitanie-0\" target=\"_blank\">dernier point de situation en Occitanie\/ Site de l&rsquo;ARS Occitanie<\/a> ou site du <a href=\"https:\/\/www.gouvernement.fr\/info-coronavirus\/carte-et-donnees\" target=\"_blank\" rel=\"noreferrer noopener\" aria-label=\"gouvernement avec la carte nationale (s\u2019ouvre dans un nouvel onglet)\">gouvernement avec la carte nationale<\/a><\/p>\n\n\n\n<p>Les r\u00e8gles \u00e0 adopter pour faire ses courses sur le site du <a rel=\"noreferrer noopener\" aria-label=\"parisien (s\u2019ouvre dans un nouvel onglet)\" href=\"http:\/\/www.leparisien.fr\/societe\/coronavirus-les-bons-gestes-pour-faire-ses-courses-sans-prendre-de-risque-21-03-2020-8284893.php\" target=\"_blank\">leparisien.fr<\/a><\/p>\n\n\n\n<p>Arr\u00eat\u00e9s de la <a rel=\"noreferrer noopener\" aria-label=\"Pr\u00e9fecture de l'Aveyron (s\u2019ouvre dans un nouvel onglet)\" href=\"http:\/\/www.aveyron.gouv.fr\/coronavirus-covid-19-a6978.html\" target=\"_blank\"><a href=\"http:\/\/www.aveyron.gouv.fr\/covid-19-point-sur-la-situation-en-aveyron-r396.html\" target=\"_blank\" aria-label=\"undefined (s\u2019ouvre dans un nouvel onglet)\" rel=\"noreferrer noopener\" class=\"yoast-seo-link\">Pr\u00e9fecture de l&rsquo;Aveyron<\/a><\/a><\/p>\n\n\n\n<p>En ce qui concerne R\u00e9quista : site de la <a href=\"http:\/\/www.requista.fr\/Informations-municipales.aspx\" target=\"_blank\" rel=\"noreferrer noopener\" aria-label=\"Mairie (s\u2019ouvre dans un nouvel onglet)\">Mairie<\/a><\/p>\n\n\n\n<p><a rel=\"noreferrer noopener\" aria-label=\"Gendarmerie de l'Aveyron : (s\u2019ouvre dans un nouvel onglet)\" href=\"https:\/\/www.gendarmerie.interieur.gouv.fr\/Zooms\/COVID-19-ayez-le-reflexe-numerique-pour-vos-demarches\" target=\"_blank\">Gendarmerie Nationale :<\/a>  Afin d&rsquo;\u00e9viter de sortir de chez vous, voici quelques sites officiels, qui vous permettront de r\u00e9aliser vos d\u00e9marches, ou trouver des r\u00e9ponses \u00e0 vos questions. <\/p>\n\n\n\n<figure class=\"wp-block-image size-large\"><img decoding=\"async\" width=\"1024\" height=\"72\" src=\"http:\/\/lebercail.co\/wp-content\/uploads\/2020\/03\/infoseco-1024x72.png\" alt=\"\" class=\"wp-image-620\" srcset=\"https:\/\/lebercail.co\/wp-content\/uploads\/2020\/03\/infoseco-1024x72.png 1024w, https:\/\/lebercail.co\/wp-content\/uploads\/2020\/03\/infoseco-300x21.png 300w, https:\/\/lebercail.co\/wp-content\/uploads\/2020\/03\/infoseco-768x54.png 768w, https:\/\/lebercail.co\/wp-content\/uploads\/2020\/03\/infoseco.png 1131w\" sizes=\"(max-width: 1024px) 100vw, 1024px\" \/><\/figure>\n\n\n\n<p>La mise en place d&rsquo;un <strong>Fonds Territorial du R\u00e9quistanais (FTR)<\/strong> en soutien \u00e0 l&rsquo;\u00e9conomie locale : pour t\u00e9l\u00e9charger le formulaire d&rsquo;<strong>aides aux entreprises<\/strong> de la Communaut\u00e9 de Communes du R\u00e9quistanais, cliquez <a href=\"http:\/\/requistanais.com\/Explication%20et%20Formulaire%20de%20demande%20Aide%20COVID%2019%20R%C3%A9quistanais.pdf\/\" rel=\"noreferrer noopener\" target=\"_blank\">ici<\/a>.<\/p>\n\n\n\n<p>Pour une aide aux loyers, cr\u00e9er un compte sur le site de la <a href=\"https:\/\/mesaidesenligne.laregion.fr\/account-management\/croccitanie-demandeurs\/ux\/#\/login?redirectTo=https:%2F%2Fmesaidesenligne.laregion.fr%2Faides%2F%23%2Fcroccitanie%2Fconnecte%2FF_DTT_L_OCCAL_3%2Fdepot%2Fsimple&amp;jwtKey=jwt-croccitanie-portail-depot-demande-aides&amp;footer=https:%2F%2Fmesaidesenligne.laregion.fr%2Faides%2F%23%2Fcroccitanie%2Fmentions-legales,Mentions%20l%C3%A9gales,_self\" target=\"_blank\" rel=\"noreferrer noopener\">R\u00e9gion Occitanie<\/a>, et demandez l&rsquo;aide L&rsquo;OCCAL Loyers, la R\u00e9gion et la Communaut\u00e9 de Communes du R\u00e9quistanais ont conventionn\u00e9 pour aider les commerces de proximit\u00e9s qui ne sont pas propri\u00e9taires de leurs locaux.<\/p>\n\n\n\n<p>Info Economie : <a rel=\"noreferrer noopener\" aria-label=\" (s\u2019ouvre dans un nouvel onglet)\" href=\"https:\/\/www.economie.gouv.fr\/coronavirus-soutien-entreprises\" target=\"_blank\">Des mesures imm\u00e9diates de soutien aux entreprises<\/a> sur  <a href=\"https:\/\/www.economie.gouv.fr\/\">Le portail de l&rsquo;\u00c9conomie, des Finances, de l&rsquo;Action et des Comptes publics<\/a> <\/p>\n\n\n\n<p>Les aides de l&rsquo;Etat et de la R\u00e9gion sur  <a href=\"https:\/\/hubentreprendre.laregion.fr\/\">https:\/\/hubentreprendre.laregion.fr\/<\/a>  avec le m\u00e9mento <a rel=\"noreferrer noopener\" aria-label=\"ici (s\u2019ouvre dans un nouvel onglet)\" href=\"https:\/\/docs.google.com\/document\/d\/1ANomJZISUQRgKga1ToWf0FWgMq_TnLGPSBPUZUBeVto\/edit#heading=h.gjdgxs\" target=\"_blank\">ici<\/a> et un accompagnement t\u00e9l\u00e9phonique :<strong> 0 800 31 31 01<\/strong> <\/p>\n\n\n\n<p>Employeurs : T\u00e9l\u00e9travail, ch\u00f4mage partiel, formation \u00e0 distance, les infos sur le site du <a href=\"https:\/\/travail-emploi.gouv.fr\/le-ministere-en-action\/coronavirus-covid-19\/poursuite-de-l-activite-en-periode-de-covid-19\/\" target=\"_blank\" aria-label=\"undefined (s\u2019ouvre dans un nouvel onglet)\" rel=\"noreferrer noopener\" class=\"yoast-seo-link\">Minist\u00e8re du Travail<\/a><\/p>\n\n\n\n<p>Les administrateurs et mandataires judiciaires mettent en place un num\u00e9ro vert pour les entreprises  <strong>0 800 94 25 64<\/strong>. Infos sur le site de la <a rel=\"noreferrer noopener\" aria-label=\"DGE (s\u2019ouvre dans un nouvel onglet)\" href=\"https:\/\/www.entreprises.gouv.fr\/solidarite-entreprises-covid-administrateurs-et-mandataires-judiciaires-mettent-place-numero-vert\" target=\"_blank\"><a href=\"https:\/\/www.entreprises.gouv.fr\/fr\/covid-19-toutes-mesures\" target=\"_blank\" aria-label=\"undefined (s\u2019ouvre dans un nouvel onglet)\" rel=\"noreferrer noopener\" class=\"yoast-seo-link\">DGE<\/a><\/a><\/p>\n\n\n\n<p>Pour contacter la<a href=\"http:\/\/emailrosetta.mediapost.fr\/EMAIL767622202004171151413140.cfm?WL=54873&amp;WS=64632600_4770951&amp;WA=46792\" target=\"_blank\" rel=\"noreferrer noopener\" aria-label=\" Chambre des M\u00e9tiers de l'Aveyron (s\u2019ouvre dans un nouvel onglet)\"> Chambre des M\u00e9tiers de l&rsquo;Aveyron<\/a> : economie@cm-aveyron.fr, <strong>05 65 77 56 00<\/strong><\/p>\n\n\n\n<p>Pour contacter la <a rel=\"noreferrer noopener\" aria-label=\"CCI Aveyron (s\u2019ouvre dans un nouvel onglet)\" href=\"https:\/\/www.aveyron.cci.fr\/votre-cci\/infos-pratiques\/le-premier-accueil\/?fbclid=IwAR1c8mhaWCwm53np0v4enqOXX8_xvf0N469EVF5XPs8_wSa9icG2wEMKpNU#formulaire\" target=\"_blank\">CCI Aveyron<\/a> : <strong>05 65 77 77 00&nbsp;<\/strong><\/p>\n\n\n\n<h4 class=\"wp-block-heading\"><strong>Vous avez besoin d\u2019un soutien et \u00e9coute ?<\/strong><\/h4>\n\n\n\n<p><a href=\"https:\/\/www.artisanat.fr\/mise-en-place-dune-cellule-de-soutien-psychologique\" target=\"_blank\" rel=\"noreferrer noopener\">Une cellule de soutien psychologique<\/a>&nbsp;a \u00e9t\u00e9 mise en place pour vous aider \u00e0 faire face \u00e0 la situation exceptionnelle. Cette initiative s&rsquo;appuie sur l\u2019action de l\u2019association APESA (Aide psychologique aux entrepreneurs en souffrance aigu\u00eb). A l\u2019issue d\u2019un appel, pour les cas les plus pr\u00e9occupants, une prise en charge rapide et gratuite par un psychologue sp\u00e9cialement form\u00e9 peut \u00eatre propos\u00e9e au chef d&rsquo;entreprise s\u2019il le souhaite et dans la plus stricte confidentialit\u00e9. Les autres cas seront r\u00e9orient\u00e9s vers des structures publiques ou priv\u00e9es sp\u00e9cialis\u00e9es dans ce type d\u2019accompagnement.&nbsp;<strong>Num\u00e9ro vert accessible 7j\/7 de 8H \u00e0 20H : 0 805 65 505 0<\/strong><\/p>\n\n\n\n<p>ARTISANS, COMMER\u00c7ANTS, IND\u00c9PENDANTS : <a rel=\"noreferrer noopener\" aria-label=\"COMMENT MAINTENIR UNE ACTIVIT\u00c9 \u00c9CONOMIQUE POUR LES TPE PME DANS DES CONDITIONS IRR\u00c9PROCHABLES DE S\u00c9CURIT\u00c9 SANITAIRE ?  (s\u2019ouvre dans un nouvel onglet)\" href=\"https:\/\/www.francenum.gouv.fr\/comprendre-le-numerique\/artisans-commercants-independants-comment-maintenir-une-activite-economique?fbclid=IwAR1d1zyC2Vf3CPOSnshfUP3ta-SArjmP8KUtnKLjkH4yS5fTg1EaV6zR7kg\" target=\"_blank\">COMMENT MAINTENIR UNE ACTIVIT\u00c9 \u00c9CONOMIQUE POUR LES TPE PME DANS DES CONDITIONS IRR\u00c9PROCHABLES DE S\u00c9CURIT\u00c9 SANITAIRE ? <\/a> sur le site Francenum.<\/p>\n\n\n\n<p>Info Alimentation : <a rel=\"noreferrer noopener\" aria-label=\"\u00e0 destination des producteurs de produits frais et commerces d\u2019alimentation de la R\u00e9gion OCCITANIE voulant proposer des livraisons \u00e0 domicile pendant cette p\u00e9riode de confinement. (s\u2019ouvre dans un nouvel onglet)\" href=\"http:\/\/www.solidarite-occitanie-alimentation.fr\" target=\"_blank\">\u00e0 destination des producteurs de produits frais et commerces d\u2019alimentation de la R\u00e9gion OCCITANIE voulant proposer des livraisons \u00e0 domicile pendant cette p\u00e9riode de confinement.<\/a><\/p>\n\n\n\n<figure class=\"wp-block-image size-large\"><img decoding=\"async\" width=\"1024\" height=\"72\" src=\"http:\/\/lebercail.co\/wp-content\/uploads\/2020\/03\/lienscpedago-1024x72.png\" alt=\"\" class=\"wp-image-624\" srcset=\"https:\/\/lebercail.co\/wp-content\/uploads\/2020\/03\/lienscpedago-1024x72.png 1024w, https:\/\/lebercail.co\/wp-content\/uploads\/2020\/03\/lienscpedago-300x21.png 300w, https:\/\/lebercail.co\/wp-content\/uploads\/2020\/03\/lienscpedago-768x54.png 768w, https:\/\/lebercail.co\/wp-content\/uploads\/2020\/03\/lienscpedago.png 1131w\" sizes=\"(max-width: 1024px) 100vw, 1024px\" \/><\/figure>\n\n\n\n<p>Continuit\u00e9 p\u00e9dagogique : Voir les consignes donn\u00e9es par l&rsquo;\u00e9cole de votre ou de vos enfants.<\/p>\n\n\n\n<p>Voici des liens vers des padlets pour activit\u00e9s, comptines&#8230; Des ressources pour tous<\/p>\n\n\n\n<p><a rel=\"noreferrer noopener\" aria-label=\"Petite Section - Maternelle d'application Renaudot-Poitiers (s\u2019ouvre dans un nouvel onglet)\" href=\"https:\/\/padlet.com\/ce0860493u\/ezisdme2kfoz\" target=\"_blank\">Petite Section &#8211; Maternelle d&rsquo;application Renaudot-Poitiers<\/a><\/p>\n\n\n\n<p><a rel=\"noreferrer noopener\" aria-label=\"Continuit\u00e9 p\u00e9dagogique des \u00e9l\u00e8ves (s\u2019ouvre dans un nouvel onglet)\" href=\"https:\/\/padlet.com\/penelope_lanterne\/z9nol5svhd99?fbclid=IwAR0NXsEFZEU4pkur__eQyn5SXLBmPL8-YGaCdNzUNdEZ4OnHor_XzNr8UPI\" target=\"_blank\">Continuit\u00e9 p\u00e9dagogique des \u00e9l\u00e8ves<\/a><\/p>\n\n\n\n<p><a rel=\"noreferrer noopener\" aria-label=\" (s\u2019ouvre dans un nouvel onglet)\" href=\"https:\/\/padlet.com\/olivier_roussel\" target=\"_blank\">Ecole maternelle<\/a><\/p>\n\n\n\n<figure class=\"wp-block-image size-large\"><img decoding=\"async\" width=\"1024\" height=\"72\" src=\"http:\/\/lebercail.co\/wp-content\/uploads\/2020\/03\/liensactivites-1024x72.png\" alt=\"\" class=\"wp-image-623\" srcset=\"https:\/\/lebercail.co\/wp-content\/uploads\/2020\/03\/liensactivites-1024x72.png 1024w, https:\/\/lebercail.co\/wp-content\/uploads\/2020\/03\/liensactivites-300x21.png 300w, https:\/\/lebercail.co\/wp-content\/uploads\/2020\/03\/liensactivites-768x54.png 768w, https:\/\/lebercail.co\/wp-content\/uploads\/2020\/03\/liensactivites.png 1131w\" sizes=\"(max-width: 1024px) 100vw, 1024px\" \/><\/figure>\n\n\n\n<p>Id\u00e9es d&rsquo;activit\u00e9s pour occuper vos enfants ou pour vous occuper pendant le confinement :<\/p>\n\n\n\n<p>Chants, activit\u00e9s, devinettes sur <a rel=\"noreferrer noopener\" aria-label=\"Kreakids.fr (s\u2019ouvre dans un nouvel onglet)\" href=\"http:\/\/www.kreakids.fr\/category\/chants-pour-enfants\/pour-les-petits\/\" target=\"_blank\">Kreakids.fr<\/a><\/p>\n\n\n\n<p>Des dessins pas \u00e0 pas sur <a rel=\"noreferrer noopener\" aria-label=\"lutinsdematernelle (s\u2019ouvre dans un nouvel onglet)\" href=\"http:\/\/lutinsdematernelle.over-blog.com\/2017\/09\/dessins-pas-a-pas.html\" target=\"_blank\">lutinsdematernelle<\/a> ou sur <a href=\"http:\/\/www.matchouteam.com\/2014\/09\/fiches-de-dessins-diriges.html\" target=\"_blank\" rel=\"noreferrer noopener\" aria-label=\"matchouteam (s\u2019ouvre dans un nouvel onglet)\">matchouteam<\/a><\/p>\n\n\n\n<p><a rel=\"noreferrer noopener\" aria-label=\"Coloriage d\u2019\u0153uvres de grands artistes peintres (s\u2019ouvre dans un nouvel onglet)\" href=\"http:\/\/dessinemoiunehistoire.net\/coloriage-artiste-peintre\/?fbclid=IwAR1qhr__rC8bXkuQKQIGWeMsGPGXc2mje9P910GFetDhqE5IQ23m28HDQWo\" target=\"_blank\">Coloriage d\u2019\u0153uvres de grands artistes peintres<\/a><\/p>\n\n\n\n<p><a rel=\"noreferrer noopener\" aria-label=\"Marque-page Monstres ! (s\u2019ouvre dans un nouvel onglet)\" href=\"http:\/\/www.momes.net\/Bricolages\/Origami-et-bricolages-en-papier\/Jeux\/Des-marque-pages-en-papier-monstrueux?fbclid=IwAR1hNsTA9e3bmY4WxcJaWEsmjQDEn9pOjKYnVh3qpxzA9K4WeU7kF3g3zZU\" target=\"_blank\">Marque-page Monstres<\/a><\/p>\n\n\n\n<p><a href=\"https:\/\/www.bloghoptoys.fr\/60-activites-a-faire-avec-les-enfants-en-interieur\">60 activit\u00e9s \u00e0 faire avec les enfants en int\u00e9rieur<\/a> <a href=\"\"><\/a><\/p>\n\n\n\n<p><a rel=\"noreferrer noopener\" aria-label=\"U DE PETITS CHEVAUX \u00c0 IMPRIMER VERSION DINOSAURES ! (s\u2019ouvre dans un nouvel onglet)\" href=\"http:\/\/www.momes.net\/Jeux\/Jeux-a-imprimer\/Jeux-de-plateau\/Jeu-de-petits-chevaux-a-imprimer-version-Dinosaures?fbclid=IwAR0ZkfJ9Vvn9nNJmX4JgE_l2K0L1zYaHLTmSXlTXXJl9wgrNbVINB4xvQM8\" target=\"_blank\">JEU DE PETITS CHEVAUX \u00c0 IMPRIMER VERSION DINOSAURES !<\/a><\/p>\n\n\n\n<p>Atelier <a rel=\"noreferrer noopener\" aria-label=\"camion de pompiers (s\u2019ouvre dans un nouvel onglet)\" href=\"https:\/\/www.c-monetiquette.fr\/blog\/atelier-camion-pompier\/\" target=\"_blank\">camion de pompiers<\/a>  ou construire un camion de pompier avec son tri s\u00e9lectif via le facebook des <a rel=\"noreferrer noopener\" aria-label=\"Pompiers de Paris (s\u2019ouvre dans un nouvel onglet)\" href=\"https:\/\/www.facebook.com\/pompiersParis\/posts\/1712356712237500\" target=\"_blank\">Pompiers de Paris<\/a><\/p>\n\n\n\n<p>Fabriquer des <a rel=\"noreferrer noopener\" aria-label=\"cocottes en papier (s\u2019ouvre dans un nouvel onglet)\" href=\"https:\/\/www.hugolescargot.com\/activites-enfants\/origamis-et-pliages\/36066-cocotte-en-papier\/?fbclid=IwAR0yimsOB9sEhOvizmNTnHDsV48G_W7z-CleZ1jvUIDTrQf1W-QyTXOdrNQ\" target=\"_blank\">cocottes en papier<\/a><\/p>\n\n\n\n<p>CUISINE : <\/p>\n\n\n\n<p>Des id\u00e9es de recettes \u00e0 faire avec les enfants sur <a rel=\"noreferrer noopener\" aria-label=\"bricalou (s\u2019ouvre dans un nouvel onglet)\" href=\"http:\/\/bricalou.unblog.fr\/\" target=\"_blank\">bricalou<\/a> ou sur le<a rel=\"noreferrer noopener\" aria-label=\" journal d'une maitresse (s\u2019ouvre dans un nouvel onglet)\" href=\"http:\/\/lejournaldunemaitresse.eklablog.fr\/recettes-de-cuisine-illustrees-a144925242?fbclid=IwAR29sGaWcE3jrJnJ25ohXFKH8gI9PWhZoJDRzuS439ls1r5Lgw74ZNxPP2A\" target=\"_blank\"> journal d&rsquo;une ma\u00eetresse<\/a><\/p>\n\n\n\n<p>Faire son levain sur<a rel=\"noreferrer noopener\" aria-label=\" bioalaune (s\u2019ouvre dans un nouvel onglet)\" href=\"https:\/\/www.bioalaune.com\/fr\/actualite-bio\/37223\/faire-levain-maison-rien-plus-simple?fbclid=IwAR3Hmsil0abGHu96BuodoscoGZvb-lcST3cDCxG_TUsKC37cQ7fFXIUjrKE\" target=\"_blank\"> bioalaune<\/a><\/p>\n\n\n\n<p>Des id\u00e9es de recettes sur le site <a rel=\"noreferrer noopener\" aria-label=\"cuisineaz.com (s\u2019ouvre dans un nouvel onglet)\" href=\"https:\/\/www.cuisineaz.com\/\" target=\"_blank\">cuisineaz.com<\/a> et sur M6 \u00e0 18h45 en semaine<\/p>\n\n\n\n<p>SUR TELE OU ORDI : <\/p>\n\n\n\n<p>Livres num\u00e9riques de<a rel=\"noreferrer noopener\" aria-label=\" Chaminou (s\u2019ouvre dans un nouvel onglet)\" href=\"https:\/\/naitreetgrandir.com\/fr\/chaminou\/?fbclid=IwAR3NpiAqa3YcLuHCCvkRdtVgvo1rrERBg9tqgX3S8t_cP9uHpdy-C2FOdNw\" target=\"_blank\"> Chaminou<\/a> \u00e0 t\u00e9l\u00e9charger<\/p>\n\n\n\n<p>Et m\u00eame s&rsquo;il faut limiter les \u00e9crans, vous trouverez ici des <a rel=\"noreferrer noopener\" aria-label=\"jeux interactifs \u00e9ducatifs (s\u2019ouvre dans un nouvel onglet)\" href=\"https:\/\/jeux.ieducatif.fr\/\" target=\"_blank\">jeux interactifs \u00e9ducatifs<\/a><\/p>\n\n\n\n<p>Concerts, Op\u00e9ras en ligne sur le site de <a rel=\"noreferrer noopener\" aria-label=\"france.tv (s\u2019ouvre dans un nouvel onglet)\" href=\"https:\/\/www.france.tv\/spectacles-et-culture\/\" target=\"_blank\">france.tv<\/a><\/p>\n\n\n\n<p>\u00c9mission Gym direct sp\u00e9ciale Enfant sur <a rel=\"noreferrer noopener\" aria-label=\"Youtube (s\u2019ouvre dans un nouvel onglet)\" href=\"https:\/\/youtu.be\/Yt0wuk_bOXI\" target=\"_blank\">Youtube<\/a><\/p>\n\n\n\n<p><a rel=\"noreferrer noopener\" aria-label=\"Visites virtuelles (s\u2019ouvre dans un nouvel onglet)\" href=\"https:\/\/creapills.com\/musee-monde-visite-virtuelle-internet-20200318\" target=\"_blank\">Visites virtuelles<\/a> : 15 mus\u00e9es \u00e0 explorer depuis votre canap\u00e9 pendant le confinement<\/p>\n\n\n\n<p>BRICOLAGE : Fabriquez votre nichoir \u00e0 m\u00e9sanges avec ce tuto du Conseil D\u00e9partemental de l&rsquo;Aveyron sur<a rel=\"noreferrer noopener\" aria-label=\" Youtube (s\u2019ouvre dans un nouvel onglet)\" href=\"https:\/\/www.youtube.com\/watch?v=rfAzan-0msI&amp;feature=youtu.be&amp;fbclid=IwAR2EBnRYzBUOIpmE5m5e7pc0B3mPL0ByfYIJa3mxxWeTJ4TCQ3p5_jfquSM\" target=\"_blank\"> Youtube<\/a><\/p>\n\n\n\n<p>JARDINAGE : Et des id\u00e9es pour <a rel=\"noreferrer noopener\" aria-label=\"replanter, (s\u2019ouvre dans un nouvel onglet)\" href=\"https:\/\/www.facebook.com\/fabiosa.france\/videos\/830760237392485\/\" target=\"_blank\">replanter,<\/a> \u00e0 tester !<\/p>\n\n\n\n<p>COUTURE : Patron de masques en tissus via l&rsquo;<a rel=\"noreferrer noopener\" aria-label=\"atelier des gourdes de Rodez (s\u2019ouvre dans un nouvel onglet)\" href=\"https:\/\/www.facebook.com\/groups\/637303756813421\/permalink\/643570326186764\/\" target=\"_blank\">atelier des gourdes de Rodez<\/a><\/p>\n\n\n\n<figure class=\"wp-block-image size-large\"><img decoding=\"async\" width=\"1024\" height=\"72\" src=\"http:\/\/lebercail.co\/wp-content\/uploads\/2020\/03\/liensteletravail-1024x72.png\" alt=\"\" class=\"wp-image-622\" srcset=\"https:\/\/lebercail.co\/wp-content\/uploads\/2020\/03\/liensteletravail-1024x72.png 1024w, https:\/\/lebercail.co\/wp-content\/uploads\/2020\/03\/liensteletravail-300x21.png 300w, https:\/\/lebercail.co\/wp-content\/uploads\/2020\/03\/liensteletravail-768x54.png 768w, https:\/\/lebercail.co\/wp-content\/uploads\/2020\/03\/liensteletravail.png 1131w\" sizes=\"(max-width: 1024px) 100vw, 1024px\" \/><\/figure>\n\n\n\n<p>T\u00e9l\u00e9-travailler, quelques ressources sur le site <a href=\"https:\/\/solidarite-numerique.fr\" target=\"_blank\" rel=\"noreferrer noopener\" aria-label=\" (s\u2019ouvre dans un nouvel onglet)\">solidarite-numerique.fr<\/a> et quelques conseils sur <a rel=\"noreferrer noopener\" aria-label=\"zdnet.fr (s\u2019ouvre dans un nouvel onglet)\" href=\"https:\/\/www.zdnet.fr\/pratique\/64-conseils-pour-survivre-en-teletravail-39900263.htm\" target=\"_blank\">zdnet.fr<\/a> ou sur <a rel=\"noreferrer noopener\" aria-label=\"France 3 (s\u2019ouvre dans un nouvel onglet)\" href=\"https:\/\/france3-regions.francetvinfo.fr\/normandie\/coronavirus-5-conseils-reussir-son-teletravail-confinement-1806198.html\" target=\"_blank\">France 3<\/a>. Bon courage !<\/p>\n\n\n\n<p> GUIDE DES PARENTS CONFIN\u00c9S : 50 ASTUCES DE PRO sur le site du <a rel=\"noreferrer noopener\" href=\"https:\/\/www.egalite-femmes-hommes.gouv.fr\/publications\/droits-des-femmes\/autres\/guide-des-parents-confines-50-astuces-de-pro\/?fbclid=IwAR17yWs_WTR_Z4JMjuRoRcJwSshjigZtiujWvaW2LctPowv3IvrmkpKojXI\" target=\"_blank\">Secr\u00e9tariat \u00e0 l&rsquo;Egalit\u00e9 H\/F<\/a> <\/p>\n\n\n\n<p>12 outils de parentalit\u00e9 positive pour \u00e9viter de s\u2019\u00e9nerver sur les enfants sur le site <a rel=\"noreferrer noopener\" aria-label=\"apprendreaeduquer.fr (s\u2019ouvre dans un nouvel onglet)\" href=\"https:\/\/apprendreaeduquer.fr\/eviter-de-senerver-sur-les-enfants\/?fbclid=IwAR3ojpJFAnVMfc12XNzwww7npdeq0yPU8KpW8irpajKSHOecB2DLg7ppba0\" target=\"_blank\">apprendreaeduquer.fr<\/a><\/p>\n\n\n\n<p>Le site <a rel=\"noreferrer noopener\" aria-label=\"R\u00e9seau Parents  (s\u2019ouvre dans un nouvel onglet)\" href=\"https:\/\/www.reseau-parents-aveyron.fr\/\" target=\"_blank\">R\u00e9seau Parents <\/a>avec des fiches <a rel=\"noreferrer noopener\" aria-label=\"Sp\u00e9cial Confinement (s\u2019ouvre dans un nouvel onglet)\" href=\"https:\/\/www.reseau-parents-aveyron.fr\/etre-parent\/special-confinement\/\" target=\"_blank\">Sp\u00e9cial Confinement<\/a> et un <a rel=\"noreferrer noopener\" aria-label=\"programme de visios (s\u2019ouvre dans un nouvel onglet)\" href=\"http:\/\/lebercail.co\/wp-content\/uploads\/2020\/04\/Planningvisios.pdf\" target=\"_blank\">programme de visios<\/a> avec des professionnels de la parentalit\u00e9 !<\/p>\n\n\n\n<figure class=\"wp-block-image size-large\"><img decoding=\"async\" width=\"1024\" height=\"72\" src=\"http:\/\/lebercail.co\/wp-content\/uploads\/2020\/03\/divers-1024x72.png\" alt=\"\" class=\"wp-image-621\" srcset=\"https:\/\/lebercail.co\/wp-content\/uploads\/2020\/03\/divers-1024x72.png 1024w, https:\/\/lebercail.co\/wp-content\/uploads\/2020\/03\/divers-300x21.png 300w, https:\/\/lebercail.co\/wp-content\/uploads\/2020\/03\/divers-768x54.png 768w, https:\/\/lebercail.co\/wp-content\/uploads\/2020\/03\/divers.png 1131w\" sizes=\"(max-width: 1024px) 100vw, 1024px\" \/><\/figure>\n\n\n\n<p>G\u00e9n\u00e9rateur de tableau de comportement + G\u00e9n\u00e9rateur de planning familial sur les <a rel=\"noreferrer noopener\" aria-label=\"aventures du chouchou cendr\u00e9 (s\u2019ouvre dans un nouvel onglet)\" href=\"https:\/\/www.lesaventuresduchouchou.com\/2016\/10\/generateur-de-tableau-de-comportement-generateur-de-planning-familial\/\" target=\"_blank\">aventures du chouchou cendr\u00e9<\/a><\/p>\n\n\n\n<p>Site web <a rel=\"noreferrer noopener\" aria-label=\"papapositive.fr (s\u2019ouvre dans un nouvel onglet)\" href=\"https:\/\/papapositive.fr\/\" target=\"_blank\">papapositive.fr<\/a><\/p>\n\n\n\n<p>20 M\u00c9DITATIONS GRATUITES POUR LES ENFANTS (\u00c9MOTIONS, CONFIANCE EN SOI, STRESS,\u2026) sur <a rel=\"noreferrer noopener\" aria-label=\"papapositive.fr (s\u2019ouvre dans un nouvel onglet)\" href=\"https:\/\/papapositive.fr\/20-meditations-gratuites-pour-les-enfants-emotions-confiance-en-soi-stress\/?fbclid=IwAR34P2FfLEVMx9KilQU73yOJ5pZXE_mzxr8cMvPLaREumR62SNTKI2hrpLM\" target=\"_blank\">papapositive.fr<\/a><\/p>\n\n\n\n<p>L&rsquo;int\u00e9grale de LOUP en \u00e9coute gratuite sur <a rel=\"noreferrer noopener\" aria-label=\"papapositive.fr (s\u2019ouvre dans un nouvel onglet)\" href=\"https:\/\/papapositive.fr\/lintegrale-de-loup-en-ecoute-gratuite\/?fbclid=IwAR2eizzEcklLnhcEk6MJ0KUFRwDMqat3mWPIm29I-Dk91ZqoOLF47bSRy-8\" target=\"_blank\">papapositive.fr<\/a> lien vers <a href=\"https:\/\/open.spotify.com\/playlist\/0OgEJFlbEwcdptiuZLeSuX\">Spotify<\/a>\/<a href=\"https:\/\/www.deezer.com\/fr\/playlist\/7406262284?app_id=140685&amp;utm_source=partner_linkfire&amp;utm_campaign=7e9104df98887d77af2ebc6ae2407427&amp;utm_medium=Original&amp;utm_term=objective-stream&amp;utm_content=playlist-7406262284\">Deezer<\/a>\/<a href=\"https:\/\/music.apple.com\/fr\/playlist\/pl.5022f0069dfb42c89e31f95872a7ee56?app=music&amp;lId=21639184&amp;cId=none&amp;sr=3&amp;src=Linkfire&amp;ign-itsct=catchall_p3&amp;ign-itscg=30440\">Apple music<\/a><\/p>\n\n\n\n<p><\/p>\n\n\n\n<p>Cours de Yoga pour enfants de 2 ans \u00e0 8 ans sur <a href=\"https:\/\/www.youtube.com\/watch?v=QJhFI3aLIvk&amp;fbclid=IwAR2T-vwWtSirrfDgiW1crQZ5Ikjd50-25n940e2DfE9EDXZiOtuVKhD6pLA\" target=\"_blank\" rel=\"noreferrer noopener\" aria-label=\"Youtube (s\u2019ouvre dans un nouvel onglet)\">Youtube<\/a><\/p>\n\n\n\n<p>Un album de l&rsquo;<a href=\"https:\/\/vimeo.com\/400907428?fbclid=IwAR1eltWG9z0FDIHD2drcyHqzVqbHBCFcnUIfj5ohUC1LylSoBRTqXex2Vyg\">\u00e9cole des loisirs<\/a> film\u00e9<\/p>\n\n\n\n<p>Participez au d\u00e9fi de la LPO : <a rel=\"noreferrer noopener\" aria-label=\"Confin\u00e9s mais aux aguets !  (s\u2019ouvre dans un nouvel onglet)\" href=\"https:\/\/www.oiseauxdesjardins.fr\/index.php?m_id=1127&amp;item=18\" target=\"_blank\">Confin\u00e9s mais aux aguets ! <\/a> Recensez pendant au moins 10 min par jour les oiseaux qui se posent dans votre jardin et transmettre vos observations aux scientifiques. <\/p>\n\n\n\n<p>Formation \u00e0 distance, propositions sur <a rel=\"noreferrer noopener\" aria-label=\"challenges.fr (s\u2019ouvre dans un nouvel onglet)\" href=\"https:\/\/www.challenges.fr\/emploi\/formation\/confinement-et-si-vous-suiviez-un-cours-gratuitement-a-skema-hec-ou-audencia_705141?fbclid=IwAR0RUzYWz3MkXNLBGu0HPgUGeEUNR4TZOPd2VC-s25TZ6TA7h3EvR-9RrVY\" target=\"_blank\">challenges.fr<\/a><\/p>\n\n\n\n<p>Surmonter ses angoisses li\u00e9es au confinement sur <a rel=\"noreferrer noopener\" aria-label=\"bioalaune.com (s\u2019ouvre dans un nouvel onglet)\" href=\"https:\/\/www.bioalaune.com\/fr\/actualite-bio\/38360\/confinement-comment-surmonter-angoisses?fbclid=IwAR2jqV76BxY4JPcgrIlehjl5uXlDfrMt46ffq2U5QsJRb7ffc_ALpBRy-ZE\" target=\"_blank\">bioalaune.com<\/a><\/p>\n\n\n\n<p>Organisation du couple, rituels, \u00e9chelle du bruit&#8230; \u00e0 imprimer sur <a rel=\"noreferrer noopener\" aria-label=\"kidzetfamily.fr (s\u2019ouvre dans un nouvel onglet)\" href=\"https:\/\/kidzetfamily.fr\/imprimez-gratuitement-nos-supports\/?fbclid=IwAR1CnMmayHz9l7tZggqbdXeVpPIME3Us6f5Dm3YFrrR9JvMiGKBKspbCi9w\" target=\"_blank\">kidzetfamily.fr<\/a><\/p>\n\n\n\n<p><\/p>\n","protected":false},"excerpt":{"rendered":"<p>Voici un r\u00e9capitulatif des diff\u00e9rents sites concernant les mesures prises suite \u00e0 la propagation du Coronavirus Covid-19 sur le territoire fran\u00e7ais. Nous nous efforcerons de les maintenir \u00e0 jour dans la mesure du possible. N&rsquo;h\u00e9sitez pas \u00e0 nous faire part d&rsquo;ajouts ou nous faire remonter les infos caduques \u00e0 mettre \u00e0 jour via notre page [&hellip;]<\/p>\n","protected":false},"author":1,"featured_media":0,"parent":0,"menu_order":0,"comment_status":"closed","ping_status":"closed","template":"","meta":{"_monsterinsights_skip_tracking":false,"_monsterinsights_sitenote_active":false,"_monsterinsights_sitenote_note":"","_monsterinsights_sitenote_category":0,"footnotes":""},"class_list":["post-604","page","type-page","status-publish","hentry"],"_links":{"self":[{"href":"https:\/\/lebercail.co\/index.php\/wp-json\/wp\/v2\/pages\/604","targetHints":{"allow":["GET"]}}],"collection":[{"href":"https:\/\/lebercail.co\/index.php\/wp-json\/wp\/v2\/pages"}],"about":[{"href":"https:\/\/lebercail.co\/index.php\/wp-json\/wp\/v2\/types\/page"}],"author":[{"embeddable":true,"href":"https:\/\/lebercail.co\/index.php\/wp-json\/wp\/v2\/users\/1"}],"replies":[{"embeddable":true,"href":"https:\/\/lebercail.co\/index.php\/wp-json\/wp\/v2\/comments?post=604"}],"version-history":[{"count":31,"href":"https:\/\/lebercail.co\/index.php\/wp-json\/wp\/v2\/pages\/604\/revisions"}],"predecessor-version":[{"id":740,"href":"https:\/\/lebercail.co\/index.php\/wp-json\/wp\/v2\/pages\/604\/revisions\/740"}],"wp:attachment":[{"href":"https:\/\/lebercail.co\/index.php\/wp-json\/wp\/v2\/media?parent=604"}],"curies":[{"name":"wp","href":"https:\/\/api.w.org\/{rel}","templated":true}]}}